{"id":46,"date":"2019-10-14T15:48:15","date_gmt":"2019-10-14T15:48:15","guid":{"rendered":"https:\/\/reiter-veranstaltungstechnik.de\/?page_id=46"},"modified":"2019-10-20T12:59:41","modified_gmt":"2019-10-20T12:59:41","slug":"vermietung","status":"publish","type":"page","link":"https:\/\/reiter-veranstaltungstechnik.de\/?page_id=46","title":{"rendered":"Vermietung"},"content":{"rendered":"\n<p class=\"has-drop-cap\">Sie m\u00f6chten Ihre Veranstaltung selber moderieren? Oder haben einen eigenen DJ? Kein Problem. Selbstverst\u00e4ndlich k\u00f6nnen Sie bei uns auch das ben\u00f6tigte Equipment f\u00fcr Ihr Event mieten. F\u00fcr weitere Informationen dazu kontaktieren Sie uns bitte telefonisch oder per Mail.<\/p>\n","protected":false},"excerpt":{"rendered":"<p>Sie m\u00f6chten Ihre Veranstaltung selber moderieren? Oder haben einen eigenen DJ? Kein Problem. Selbstverst\u00e4ndlich k\u00f6nnen Sie bei uns auch das ben\u00f6tigte Equipment f\u00fcr Ihr Event mieten. F\u00fcr weitere Informationen dazu kontaktieren Sie uns bitte telefonisch oder per Mail.<\/p>\n","protected":false},"author":1,"featured_media":74,"parent":0,"menu_order":0,"comment_status":"closed","ping_status":"closed","template":"","meta":{"footnotes":""},"class_list":["post-46","page","type-page","status-publish","has-post-thumbnail","hentry"],"_links":{"self":[{"href":"https:\/\/reiter-veranstaltungstechnik.de\/index.php?rest_route=\/wp\/v2\/pages\/46"}],"collection":[{"href":"https:\/\/reiter-veranstaltungstechnik.de\/index.php?rest_route=\/wp\/v2\/pages"}],"about":[{"href":"https:\/\/reiter-veranstaltungstechnik.de\/index.php?rest_route=\/wp\/v2\/types\/page"}],"author":[{"embeddable":true,"href":"https:\/\/reiter-veranstaltungstechnik.de\/index.php?rest_route=\/wp\/v2\/users\/1"}],"replies":[{"embeddable":true,"href":"https:\/\/reiter-veranstaltungstechnik.de\/index.php?rest_route=%2Fwp%2Fv2%2Fcomments&post=46"}],"version-history":[{"count":2,"href":"https:\/\/reiter-veranstaltungstechnik.de\/index.php?rest_route=\/wp\/v2\/pages\/46\/revisions"}],"predecessor-version":[{"id":96,"href":"https:\/\/reiter-veranstaltungstechnik.de\/index.php?rest_route=\/wp\/v2\/pages\/46\/revisions\/96"}],"wp:featuredmedia":[{"embeddable":true,"href":"https:\/\/reiter-veranstaltungstechnik.de\/index.php?rest_route=\/wp\/v2\/media\/74"}],"wp:attachment":[{"href":"https:\/\/reiter-veranstaltungstechnik.de\/index.php?rest_route=%2Fwp%2Fv2%2Fmedia&parent=46"}],"curies":[{"name":"wp","href":"https:\/\/api.w.org\/{rel}","templated":true}]}}